

{"id":4275,"date":"2020-02-03T17:18:46","date_gmt":"2020-02-03T14:18:46","guid":{"rendered":"http:\/\/drebruacar.webfirmam.com.tr\/?page_id=4275"},"modified":"2025-02-20T10:12:42","modified_gmt":"2025-02-20T07:12:42","slug":"startseite","status":"publish","type":"page","link":"https:\/\/opdrebruacar.com\/de\/","title":{"rendered":"Startseite"},"content":{"rendered":"<p>[vc_row][vc_column width=&#8220;1\/4&#8243;][vc_custom_heading text=&#8220;\u00dcBER UNS&#8220; font_container=&#8220;tag:h3|font_size:20px|text_align:left|line_height:27px&#8220; use_theme_fonts=&#8220;yes&#8220; css=&#8220;.vc_custom_1580736319177{margin-bottom: 20px !important;}&#8220;][vc_single_image image=&#8220;4182&#8243; img_size=&#8220;medium&#8220; alignment=&#8220;center&#8220; onclick=&#8220;link_image&#8220; css=&#8220;.vc_custom_1578555308567{margin-bottom: 20px !important;}&#8220;][vc_column_text]<\/p>\n<h4>Willkommen in unserer Praxis<\/h4>\n<p>Unsere sich st\u00e4ndig erneuernde Praxis, besitzt eine sich in der T\u00fcrkei fortgebildete Technologie.[\/vc_column_text][vc_btn title=&#8220;\u00dcBER MICH&#8220; color=&#8220;inverse&#8220; align=&#8220;left&#8220; i_align=&#8220;right&#8220; i_icon_fontawesome=&#8220;fa fa-angle-double-right&#8220; css_animation=&#8220;bottom-to-top&#8220; add_icon=&#8220;true&#8220; css=&#8220;.vc_custom_1740035502252{margin-top: -30px !important;}&#8220; link=&#8220;url:%2Fde%2Fueber-mich%2F|title:%C3%9CBER%20MICH||&#8220;][\/vc_column][vc_column width=&#8220;3\/4&#8243;]<div class=\"row multi-columns-row thememount-portfolio-boxes-wrapper thememount-portfolio-view-default thememount-effect-default thememount-items-col-three thememount-portfolio-design-  \" id=\"thememount-portfolio-id-28982558\"  ><div class=\"thememount-portfolio-text col-xs-12 col-sm-12 col-md-12 col-lg-12\"><\/div><div class=\"thememount-portfolio-boxes col-xs-12 col-sm-12 col-md-12 col-lg-12\"><div class=\"thememount-items-wrapper row multi-columns-row  thememount-portfolio-boxes-inner  row\">\r\n\t\t\t<div class=\"portfolio-box tm-box col-lg-4 col-sm-6 col-md-4 col-xs-12 tedaviler thememount-box\">\r\n\t\t\t\t<div class=\"tm-item\">\r\n\t\t\t\t\t<div class=\"tm-item-thumbnail tedaviler\" data-value=\"\/de\/wachstum-des-augenfleisches-pterygium\/\">\r\n\t\t\t\t\t \r\n\t\t\t\t\t\t<img width=\"600\" height=\"397\" src=\"https:\/\/opdrebruacar.com\/wp-content\/uploads\/2016\/06\/pterjium-1.jpg\" class=\"attachment-portfolio-three-column size-portfolio-three-column wp-post-image\" alt=\"\" decoding=\"async\" loading=\"lazy\" srcset=\"https:\/\/opdrebruacar.com\/wp-content\/uploads\/2016\/06\/pterjium-1.jpg 600w, https:\/\/opdrebruacar.com\/wp-content\/uploads\/2016\/06\/pterjium-1-300x199.jpg 300w\" sizes=\"(max-width: 600px) 100vw, 600px\" \/><div class=\"icon-overlay\"><\/div>\t\t\t\t\t\t\t\t\r\n\t\t\t\t<div  class=\"icons\">\r\n\t\t\t\t\t<a href=\"\/de\/wachstum-des-augenfleisches-pterygium\/\" class=\"thememount_pf_featured\" title=\"WACHSTUM DES AUGENFLEISCHES\"><i class=\"tm-social-icon-picture-1\"><\/i><\/a>\r\n\t\t\t\t\t<a href=\"\/de\/wachstum-des-augenfleisches-pterygium\/\" class=\"thememount_pf_link\"><i class=\"fa fa-link\"><\/i><\/a>\r\n\t\t\t\t<\/div>\r\n\t\t\t\t\t\t \r\n\t\t\t\t\t<\/div>\r\n\t\t\t\t\t<div class=\"tm-item-content\">\r\n\t\t\t\t\t\t<h4><a href=\"\/de\/wachstum-des-augenfleisches-pterygium\/\">WACHSTUM DES AUGENFLEISCHES<\/a><\/h4>\r\n\t\t\t\t\t\t<p>Tedaviler<\/p>\r\n\t\t\t\t\t<\/div>\r\n\t\t\t\t<\/div>\r\n\t\t\t\t\r\n\t\t\t<\/div>\r\n\t\t\r\n\t\t\t<div class=\"portfolio-box tm-box col-lg-4 col-sm-6 col-md-4 col-xs-12 tedaviler thememount-box\">\r\n\t\t\t\t<div class=\"tm-item\">\r\n\t\t\t\t\t<div class=\"tm-item-thumbnail tedaviler\" data-value=\"\/de\/faltenbehandlung-der-augenpartie-und-botulin-toxin-injektionen\/\">\r\n\t\t\t\t\t \r\n\t\t\t\t\t\t<img width=\"600\" height=\"337\" src=\"https:\/\/opdrebruacar.com\/wp-content\/uploads\/2016\/01\/kirisiklik.jpg\" class=\"attachment-portfolio-three-column size-portfolio-three-column wp-post-image\" alt=\"\" decoding=\"async\" loading=\"lazy\" srcset=\"https:\/\/opdrebruacar.com\/wp-content\/uploads\/2016\/01\/kirisiklik.jpg 600w, https:\/\/opdrebruacar.com\/wp-content\/uploads\/2016\/01\/kirisiklik-300x169.jpg 300w\" sizes=\"(max-width: 600px) 100vw, 600px\" \/><div class=\"icon-overlay\"><\/div>\t\t\t\t\t\t\t\t\r\n\t\t\t\t<div  class=\"icons\">\r\n\t\t\t\t\t<a href=\"\/de\/faltenbehandlung-der-augenpartie-und-botulin-toxin-injektionen\/\" class=\"thememount_pf_featured\" title=\"FALTENBEHANDLUNG DER AUGENPARTIE UND BOTULIN-TOXIN-INJEKTIONEN\"><i class=\"tm-social-icon-picture-1\"><\/i><\/a>\r\n\t\t\t\t\t<a href=\"\/de\/faltenbehandlung-der-augenpartie-und-botulin-toxin-injektionen\/\" class=\"thememount_pf_link\"><i class=\"fa fa-link\"><\/i><\/a>\r\n\t\t\t\t<\/div>\r\n\t\t\t\t\t\t \r\n\t\t\t\t\t<\/div>\r\n\t\t\t\t\t<div class=\"tm-item-content\">\r\n\t\t\t\t\t\t<h4><a href=\"\/de\/faltenbehandlung-der-augenpartie-und-botulin-toxin-injektionen\/\">FALTENBEHANDLUNG DER AUGENPARTIE UND BOTULIN-TOXIN-INJEKTIONEN<\/a><\/h4>\r\n\t\t\t\t\t\t<p>Tedaviler<\/p>\r\n\t\t\t\t\t<\/div>\r\n\t\t\t\t<\/div>\r\n\t\t\t\t\r\n\t\t\t<\/div>\r\n\t\t\r\n\t\t\t<div class=\"portfolio-box tm-box col-lg-4 col-sm-6 col-md-4 col-xs-12 tedaviler thememount-box\">\r\n\t\t\t\t<div class=\"tm-item\">\r\n\t\t\t\t\t<div class=\"tm-item-thumbnail tedaviler\" data-value=\"\/de\/lichtfuellung\/\">\r\n\t\t\t\t\t \r\n\t\t\t\t\t\t<img width=\"739\" height=\"415\" src=\"https:\/\/opdrebruacar.com\/wp-content\/uploads\/2020\/01\/isikdolgusu.jpg\" class=\"attachment-portfolio-three-column size-portfolio-three-column wp-post-image\" alt=\"\" decoding=\"async\" loading=\"lazy\" srcset=\"https:\/\/opdrebruacar.com\/wp-content\/uploads\/2020\/01\/isikdolgusu.jpg 739w, https:\/\/opdrebruacar.com\/wp-content\/uploads\/2020\/01\/isikdolgusu-300x168.jpg 300w, https:\/\/opdrebruacar.com\/wp-content\/uploads\/2020\/01\/isikdolgusu-727x409.jpg 727w\" sizes=\"(max-width: 739px) 100vw, 739px\" \/><div class=\"icon-overlay\"><\/div>\t\t\t\t\t\t\t\t\r\n\t\t\t\t<div  class=\"icons\">\r\n\t\t\t\t\t<a href=\"\/de\/lichtfuellung\/\" class=\"thememount_pf_featured\" title=\"L\u0130CHTF\u00dcLLUNG UNTER DEN AUGEN\"><i class=\"tm-social-icon-picture-1\"><\/i><\/a>\r\n\t\t\t\t\t<a href=\"\/de\/lichtfuellung\/\" class=\"thememount_pf_link\"><i class=\"fa fa-link\"><\/i><\/a>\r\n\t\t\t\t<\/div>\r\n\t\t\t\t\t\t \r\n\t\t\t\t\t<\/div>\r\n\t\t\t\t\t<div class=\"tm-item-content\">\r\n\t\t\t\t\t\t<h4><a href=\"\/de\/lichtfuellung\/\">L\u0130CHTF\u00dcLLUNG UNTER DEN AUGEN<\/a><\/h4>\r\n\t\t\t\t\t\t<p>Tedaviler<\/p>\r\n\t\t\t\t\t<\/div>\r\n\t\t\t\t<\/div>\r\n\t\t\t\t\r\n\t\t\t<\/div>\r\n\t\t\r\n\t\t\t<div class=\"portfolio-box tm-box col-lg-4 col-sm-6 col-md-4 col-xs-12 tedaviler thememount-box\">\r\n\t\t\t\t<div class=\"tm-item\">\r\n\t\t\t\t\t<div class=\"tm-item-thumbnail tedaviler\" data-value=\"\/de\/excimer-lazer\/\">\r\n\t\t\t\t\t \r\n\t\t\t\t\t\t<img width=\"650\" height=\"344\" src=\"https:\/\/opdrebruacar.com\/wp-content\/uploads\/2016\/01\/1430152448427.jpg\" class=\"attachment-portfolio-three-column size-portfolio-three-column wp-post-image\" alt=\"\" decoding=\"async\" loading=\"lazy\" srcset=\"https:\/\/opdrebruacar.com\/wp-content\/uploads\/2016\/01\/1430152448427.jpg 650w, https:\/\/opdrebruacar.com\/wp-content\/uploads\/2016\/01\/1430152448427-300x159.jpg 300w\" sizes=\"(max-width: 650px) 100vw, 650px\" \/><div class=\"icon-overlay\"><\/div>\t\t\t\t\t\t\t\t\r\n\t\t\t\t<div  class=\"icons\">\r\n\t\t\t\t\t<a href=\"\/de\/excimer-lazer\/\" class=\"thememount_pf_featured\" title=\"EXCIMER-LASER\"><i class=\"tm-social-icon-picture-1\"><\/i><\/a>\r\n\t\t\t\t\t<a href=\"\/de\/excimer-lazer\/\" class=\"thememount_pf_link\"><i class=\"fa fa-link\"><\/i><\/a>\r\n\t\t\t\t<\/div>\r\n\t\t\t\t\t\t \r\n\t\t\t\t\t<\/div>\r\n\t\t\t\t\t<div class=\"tm-item-content\">\r\n\t\t\t\t\t\t<h4><a href=\"\/de\/excimer-lazer\/\">EXCIMER-LASER<\/a><\/h4>\r\n\t\t\t\t\t\t<p>Tedaviler<\/p>\r\n\t\t\t\t\t<\/div>\r\n\t\t\t\t<\/div>\r\n\t\t\t\t\r\n\t\t\t<\/div>\r\n\t\t\r\n\t\t\t<div class=\"portfolio-box tm-box col-lg-4 col-sm-6 col-md-4 col-xs-12 tedaviler thememount-box\">\r\n\t\t\t\t<div class=\"tm-item\">\r\n\t\t\t\t\t<div class=\"tm-item-thumbnail tedaviler\" data-value=\"\/de\/augenlidkrankheiten\/\">\r\n\t\t\t\t\t \r\n\t\t\t\t\t\t<img width=\"600\" height=\"397\" src=\"https:\/\/opdrebruacar.com\/wp-content\/uploads\/2015\/06\/goz_kapagi_ameliyatlari_bros-1.jpg\" class=\"attachment-portfolio-three-column size-portfolio-three-column wp-post-image\" alt=\"\" decoding=\"async\" loading=\"lazy\" srcset=\"https:\/\/opdrebruacar.com\/wp-content\/uploads\/2015\/06\/goz_kapagi_ameliyatlari_bros-1.jpg 600w, https:\/\/opdrebruacar.com\/wp-content\/uploads\/2015\/06\/goz_kapagi_ameliyatlari_bros-1-300x199.jpg 300w\" sizes=\"(max-width: 600px) 100vw, 600px\" \/><div class=\"icon-overlay\"><\/div>\t\t\t\t\t\t\t\t\r\n\t\t\t\t<div  class=\"icons\">\r\n\t\t\t\t\t<a href=\"\/de\/augenlidkrankheiten\/\" class=\"thememount_pf_featured\" title=\"AUGENLIDKRANKHEITEN\"><i class=\"tm-social-icon-picture-1\"><\/i><\/a>\r\n\t\t\t\t\t<a href=\"\/de\/augenlidkrankheiten\/\" class=\"thememount_pf_link\"><i class=\"fa fa-link\"><\/i><\/a>\r\n\t\t\t\t<\/div>\r\n\t\t\t\t\t\t \r\n\t\t\t\t\t<\/div>\r\n\t\t\t\t\t<div class=\"tm-item-content\">\r\n\t\t\t\t\t\t<h4><a href=\"\/de\/augenlidkrankheiten\/\">AUGENLIDKRANKHEITEN<\/a><\/h4>\r\n\t\t\t\t\t\t<p>Tedaviler<\/p>\r\n\t\t\t\t\t<\/div>\r\n\t\t\t\t<\/div>\r\n\t\t\t\t\r\n\t\t\t<\/div>\r\n\t\t\r\n\t\t\t<div class=\"portfolio-box tm-box col-lg-4 col-sm-6 col-md-4 col-xs-12 tedaviler thememount-box\">\r\n\t\t\t\t<div class=\"tm-item\">\r\n\t\t\t\t\t<div class=\"tm-item-thumbnail tedaviler\" data-value=\"\/de\/diabetes-und-das-auge-diabetische-retinopathie\/\">\r\n\t\t\t\t\t \r\n\t\t\t\t\t\t<img width=\"740\" height=\"493\" src=\"https:\/\/opdrebruacar.com\/wp-content\/uploads\/2016\/06\/retina-2-740x493.jpg\" class=\"attachment-portfolio-three-column size-portfolio-three-column wp-post-image\" alt=\"\" decoding=\"async\" loading=\"lazy\" srcset=\"https:\/\/opdrebruacar.com\/wp-content\/uploads\/2016\/06\/retina-2-740x493.jpg 740w, https:\/\/opdrebruacar.com\/wp-content\/uploads\/2016\/06\/retina-2-300x200.jpg 300w, https:\/\/opdrebruacar.com\/wp-content\/uploads\/2016\/06\/retina-2-768x512.jpg 768w, https:\/\/opdrebruacar.com\/wp-content\/uploads\/2016\/06\/retina-2.jpg 855w, https:\/\/opdrebruacar.com\/wp-content\/uploads\/2016\/06\/retina-2-767x511.jpg 767w\" sizes=\"(max-width: 740px) 100vw, 740px\" \/><div class=\"icon-overlay\"><\/div>\t\t\t\t\t\t\t\t\r\n\t\t\t\t<div  class=\"icons\">\r\n\t\t\t\t\t<a href=\"\/de\/diabetes-und-das-auge-diabetische-retinopathie\/\" class=\"thememount_pf_featured\" title=\"DIABETES UND DAS AUGE\"><i class=\"tm-social-icon-picture-1\"><\/i><\/a>\r\n\t\t\t\t\t<a href=\"\/de\/diabetes-und-das-auge-diabetische-retinopathie\/\" class=\"thememount_pf_link\"><i class=\"fa fa-link\"><\/i><\/a>\r\n\t\t\t\t<\/div>\r\n\t\t\t\t\t\t \r\n\t\t\t\t\t<\/div>\r\n\t\t\t\t\t<div class=\"tm-item-content\">\r\n\t\t\t\t\t\t<h4><a href=\"\/de\/diabetes-und-das-auge-diabetische-retinopathie\/\">DIABETES UND DAS AUGE<\/a><\/h4>\r\n\t\t\t\t\t\t<p>Tedaviler<\/p>\r\n\t\t\t\t\t<\/div>\r\n\t\t\t\t<\/div>\r\n\t\t\t\t\r\n\t\t\t<\/div>\r\n\t\t\r\n\t\t\t<div class=\"portfolio-box tm-box col-lg-4 col-sm-6 col-md-4 col-xs-12 tedaviler thememount-box\">\r\n\t\t\t\t<div class=\"tm-item\">\r\n\t\t\t\t\t<div class=\"tm-item-thumbnail tedaviler\" data-value=\"\/de\/grauer-star\/\">\r\n\t\t\t\t\t \r\n\t\t\t\t\t\t<img width=\"736\" height=\"463\" src=\"https:\/\/opdrebruacar.com\/wp-content\/uploads\/2016\/06\/cataract.jpg\" class=\"attachment-portfolio-three-column size-portfolio-three-column wp-post-image\" alt=\"\" decoding=\"async\" loading=\"lazy\" srcset=\"https:\/\/opdrebruacar.com\/wp-content\/uploads\/2016\/06\/cataract.jpg 736w, https:\/\/opdrebruacar.com\/wp-content\/uploads\/2016\/06\/cataract-300x189.jpg 300w\" sizes=\"(max-width: 736px) 100vw, 736px\" \/><div class=\"icon-overlay\"><\/div>\t\t\t\t\t\t\t\t\r\n\t\t\t\t<div  class=\"icons\">\r\n\t\t\t\t\t<a href=\"\/de\/grauer-star\/\" class=\"thememount_pf_featured\" title=\"GRAUER STAR\"><i class=\"tm-social-icon-picture-1\"><\/i><\/a>\r\n\t\t\t\t\t<a href=\"\/de\/grauer-star\/\" class=\"thememount_pf_link\"><i class=\"fa fa-link\"><\/i><\/a>\r\n\t\t\t\t<\/div>\r\n\t\t\t\t\t\t \r\n\t\t\t\t\t<\/div>\r\n\t\t\t\t\t<div class=\"tm-item-content\">\r\n\t\t\t\t\t\t<h4><a href=\"\/de\/grauer-star\/\">GRAUER STAR<\/a><\/h4>\r\n\t\t\t\t\t\t<p>Tedaviler<\/p>\r\n\t\t\t\t\t<\/div>\r\n\t\t\t\t<\/div>\r\n\t\t\t\t\r\n\t\t\t<\/div>\r\n\t\t\r\n\t\t\t<div class=\"portfolio-box tm-box col-lg-4 col-sm-6 col-md-4 col-xs-12 tedaviler thememount-box\">\r\n\t\t\t\t<div class=\"tm-item\">\r\n\t\t\t\t\t<div class=\"tm-item-thumbnail tedaviler\" data-value=\"\/de\/strabismusuntersuchung\/\">\r\n\t\t\t\t\t \r\n\t\t\t\t\t\t<img width=\"740\" height=\"493\" src=\"https:\/\/opdrebruacar.com\/wp-content\/uploads\/2016\/06\/fix-lazy-eye-kelowna-740x493.jpg\" class=\"attachment-portfolio-three-column size-portfolio-three-column wp-post-image\" alt=\"\" decoding=\"async\" loading=\"lazy\" srcset=\"https:\/\/opdrebruacar.com\/wp-content\/uploads\/2016\/06\/fix-lazy-eye-kelowna-740x493.jpg 740w, https:\/\/opdrebruacar.com\/wp-content\/uploads\/2016\/06\/fix-lazy-eye-kelowna-300x200.jpg 300w, https:\/\/opdrebruacar.com\/wp-content\/uploads\/2016\/06\/fix-lazy-eye-kelowna-1024x683.jpg 1024w, https:\/\/opdrebruacar.com\/wp-content\/uploads\/2016\/06\/fix-lazy-eye-kelowna-768x512.jpg 768w, https:\/\/opdrebruacar.com\/wp-content\/uploads\/2016\/06\/fix-lazy-eye-kelowna-855x570.jpg 855w, https:\/\/opdrebruacar.com\/wp-content\/uploads\/2016\/06\/fix-lazy-eye-kelowna-767x511.jpg 767w, https:\/\/opdrebruacar.com\/wp-content\/uploads\/2016\/06\/fix-lazy-eye-kelowna.jpg 1254w\" sizes=\"(max-width: 740px) 100vw, 740px\" \/><div class=\"icon-overlay\"><\/div>\t\t\t\t\t\t\t\t\r\n\t\t\t\t<div  class=\"icons\">\r\n\t\t\t\t\t<a href=\"\/de\/strabismusuntersuchung\/\" class=\"thememount_pf_featured\" title=\"STRABISMUSUNTERSUCHUNG\"><i class=\"tm-social-icon-picture-1\"><\/i><\/a>\r\n\t\t\t\t\t<a href=\"\/de\/strabismusuntersuchung\/\" class=\"thememount_pf_link\"><i class=\"fa fa-link\"><\/i><\/a>\r\n\t\t\t\t<\/div>\r\n\t\t\t\t\t\t \r\n\t\t\t\t\t<\/div>\r\n\t\t\t\t\t<div class=\"tm-item-content\">\r\n\t\t\t\t\t\t<h4><a href=\"\/de\/strabismusuntersuchung\/\">STRABISMUSUNTERSUCHUNG<\/a><\/h4>\r\n\t\t\t\t\t\t<p>Tedaviler<\/p>\r\n\t\t\t\t\t<\/div>\r\n\t\t\t\t<\/div>\r\n\t\t\t\t\r\n\t\t\t<\/div>\r\n\t\t\r\n\t\t\t<div class=\"portfolio-box tm-box col-lg-4 col-sm-6 col-md-4 col-xs-12 tedaviler thememount-box\">\r\n\t\t\t\t<div class=\"tm-item\">\r\n\t\t\t\t\t<div class=\"tm-item-thumbnail tedaviler\" data-value=\"\/de\/aesthetik-der-augenpartie\/\">\r\n\t\t\t\t\t \r\n\t\t\t\t\t\t<img width=\"740\" height=\"493\" src=\"https:\/\/opdrebruacar.com\/wp-content\/uploads\/2016\/06\/200160066-001-1545400092-740x493.jpg\" class=\"attachment-portfolio-three-column size-portfolio-three-column wp-post-image\" alt=\"\" decoding=\"async\" loading=\"lazy\" srcset=\"https:\/\/opdrebruacar.com\/wp-content\/uploads\/2016\/06\/200160066-001-1545400092-740x493.jpg 740w, https:\/\/opdrebruacar.com\/wp-content\/uploads\/2016\/06\/200160066-001-1545400092-855x570.jpg 855w, https:\/\/opdrebruacar.com\/wp-content\/uploads\/2016\/06\/200160066-001-1545400092-767x511.jpg 767w\" sizes=\"(max-width: 740px) 100vw, 740px\" \/><div class=\"icon-overlay\"><\/div>\t\t\t\t\t\t\t\t\r\n\t\t\t\t<div  class=\"icons\">\r\n\t\t\t\t\t<a href=\"\/de\/aesthetik-der-augenpartie\/\" class=\"thememount_pf_featured\" title=\"\u00c4STHETIK DER AUGENPARTIE\"><i class=\"tm-social-icon-picture-1\"><\/i><\/a>\r\n\t\t\t\t\t<a href=\"\/de\/aesthetik-der-augenpartie\/\" class=\"thememount_pf_link\"><i class=\"fa fa-link\"><\/i><\/a>\r\n\t\t\t\t<\/div>\r\n\t\t\t\t\t\t \r\n\t\t\t\t\t<\/div>\r\n\t\t\t\t\t<div class=\"tm-item-content\">\r\n\t\t\t\t\t\t<h4><a href=\"\/de\/aesthetik-der-augenpartie\/\">\u00c4STHETIK DER AUGENPARTIE<\/a><\/h4>\r\n\t\t\t\t\t\t<p>Tedaviler<\/p>\r\n\t\t\t\t\t<\/div>\r\n\t\t\t\t<\/div>\r\n\t\t\t\t\r\n\t\t\t<\/div>\r\n\t\t<\/div><\/div><\/div>[vc_empty_space][vc_btn title=&#8220;KL\u0130CKEN S\u0130E H\u0130ER, UM E\u0130NEN TERM\u0130N ZU VERE\u0130NBAREN&#8220; style=&#8220;outline&#8220; i_align=&#8220;right&#8220; i_icon_fontawesome=&#8220;fa fa-phone&#8220; css_animation=&#8220;right-to-left&#8220; add_icon=&#8220;true&#8220; link=&#8220;url:%2Fkontakt%2F%3Flang%3Dde|title:Kontakt||&#8220;][\/vc_column][\/vc_row][vc_row full_width=&#8220;stretch_row&#8220; bgtype=&#8220;grey&#8220; css=&#8220;.vc_custom_1473238833573{padding-bottom: 60px !important;background-image: url(http:\/\/opdrebruacar.com\/wp-content\/uploads\/2014\/07\/pattern-bg1-1.jpg?id=2636) !important;}&#8220;][vc_column width=&#8220;1\/3&#8243;]<div class=\"row multi-columns-row thememount-portfolio-boxes-wrapper thememount-portfolio-view-default thememount-effect-default thememount-items-col-one thememount-portfolio-design-  \" id=\"thememount-portfolio-id-97715027\"  ><div class=\"thememount-portfolio-text col-xs-12 col-sm-12 col-md-12 col-lg-12\"><\/div><div class=\"thememount-portfolio-boxes col-xs-12 col-sm-12 col-md-12 col-lg-12\"><div class=\"thememount-items-wrapper row multi-columns-row  thememount-portfolio-boxes-inner  row thememount-with-pagination\">\r\n\t\t\t<div class=\"portfolio-box tm-box col-lg-12 col-sm-12 col-md-12 col-xs-12 op-dr-ebru-acar thememount-box\">\r\n\t\t\t\t<div class=\"tm-item\">\r\n\t\t\t\t\t<div class=\"tm-item-thumbnail tedaviler\" data-value=\"\/de\/glaukom\/\">\r\n\t\t\t\t\t \r\n\t\t\t\t\t\t<img width=\"596\" height=\"410\" src=\"https:\/\/opdrebruacar.com\/wp-content\/uploads\/2020\/01\/glokom.jpg\" class=\"attachment-portfolio-one-column size-portfolio-one-column wp-post-image\" alt=\"\" decoding=\"async\" loading=\"lazy\" srcset=\"https:\/\/opdrebruacar.com\/wp-content\/uploads\/2020\/01\/glokom.jpg 596w, https:\/\/opdrebruacar.com\/wp-content\/uploads\/2020\/01\/glokom-300x206.jpg 300w\" sizes=\"(max-width: 596px) 100vw, 596px\" \/><div class=\"icon-overlay\"><\/div>\t\t\t\t\t\t\t\t\r\n\t\t\t\t<div  class=\"icons\">\r\n\t\t\t\t\t<a href=\"\/de\/glaukom\/\" class=\"thememount_pf_featured\" title=\"GLAUKOM\"><i class=\"tm-social-icon-picture-1\"><\/i><\/a>\r\n\t\t\t\t\t<a href=\"\/de\/glaukom\/\" class=\"thememount_pf_link\"><i class=\"fa fa-link\"><\/i><\/a>\r\n\t\t\t\t<\/div>\r\n\t\t\t\t\t\t \r\n\t\t\t\t\t<\/div>\r\n\t\t\t\t\t<div class=\"tm-item-content\">\r\n\t\t\t\t\t\t<h4><a href=\"\/de\/glaukom\/\">GLAUKOM<\/a><\/h4>\r\n\t\t\t\t\t\t<p>OP. DR. EBRU ACAR<\/p>\r\n\t\t\t\t\t<\/div>\r\n\t\t\t\t<\/div>\r\n\t\t\t\t\r\n\t\t\t<\/div>\r\n\t\t\r\n\t\t\t<div class=\"portfolio-box tm-box col-lg-12 col-sm-12 col-md-12 col-xs-12 op-dr-ebru-acar thememount-box\">\r\n\t\t\t\t<div class=\"tm-item\">\r\n\t\t\t\t\t<div class=\"tm-item-thumbnail tedaviler\" data-value=\"\/de\/retina-krankheiten\/\">\r\n\t\t\t\t\t \r\n\t\t\t\t\t\t<img width=\"1387\" height=\"924\" src=\"https:\/\/opdrebruacar.com\/wp-content\/uploads\/2020\/01\/image4.jpeg\" class=\"attachment-portfolio-one-column size-portfolio-one-column wp-post-image\" alt=\"\" decoding=\"async\" loading=\"lazy\" srcset=\"https:\/\/opdrebruacar.com\/wp-content\/uploads\/2020\/01\/image4.jpeg 1387w, https:\/\/opdrebruacar.com\/wp-content\/uploads\/2020\/01\/image4-300x200.jpeg 300w, https:\/\/opdrebruacar.com\/wp-content\/uploads\/2020\/01\/image4-1024x682.jpeg 1024w, https:\/\/opdrebruacar.com\/wp-content\/uploads\/2020\/01\/image4-768x512.jpeg 768w, https:\/\/opdrebruacar.com\/wp-content\/uploads\/2020\/01\/image4-855x570.jpeg 855w, https:\/\/opdrebruacar.com\/wp-content\/uploads\/2020\/01\/image4-740x493.jpeg 740w, https:\/\/opdrebruacar.com\/wp-content\/uploads\/2020\/01\/image4-767x511.jpeg 767w\" sizes=\"(max-width: 1387px) 100vw, 1387px\" \/><div class=\"icon-overlay\"><\/div>\t\t\t\t\t\t\t\t\r\n\t\t\t\t<div  class=\"icons\">\r\n\t\t\t\t\t<a href=\"\/de\/retina-krankheiten\/\" class=\"thememount_pf_featured\" title=\"NETZHAUT (RETINA) &#8211; KRANKEHEITEN\"><i class=\"tm-social-icon-picture-1\"><\/i><\/a>\r\n\t\t\t\t\t<a href=\"\/de\/retina-krankheiten\/\" class=\"thememount_pf_link\"><i class=\"fa fa-link\"><\/i><\/a>\r\n\t\t\t\t<\/div>\r\n\t\t\t\t\t\t \r\n\t\t\t\t\t<\/div>\r\n\t\t\t\t\t<div class=\"tm-item-content\">\r\n\t\t\t\t\t\t<h4><a href=\"\/de\/retina-krankheiten\/\">NETZHAUT (RETINA) &#8211; KRANKEHEITEN<\/a><\/h4>\r\n\t\t\t\t\t\t<p>OP. DR. EBRU ACAR<\/p>\r\n\t\t\t\t\t<\/div>\r\n\t\t\t\t<\/div>\r\n\t\t\t\t\r\n\t\t\t<\/div>\r\n\t\t\r\n\t\t\t<div class=\"portfolio-box tm-box col-lg-12 col-sm-12 col-md-12 col-xs-12 op-dr-ebru-acar thememount-box\">\r\n\t\t\t\t<div class=\"tm-item\">\r\n\t\t\t\t\t<div class=\"tm-item-thumbnail tedaviler\" data-value=\"\/de\/kontaktlinsen\/\">\r\n\t\t\t\t\t \r\n\t\t\t\t\t\t<img width=\"621\" height=\"306\" src=\"https:\/\/opdrebruacar.com\/wp-content\/uploads\/2020\/01\/kontaktlens.jpg\" class=\"attachment-portfolio-one-column size-portfolio-one-column wp-post-image\" alt=\"\" decoding=\"async\" loading=\"lazy\" srcset=\"https:\/\/opdrebruacar.com\/wp-content\/uploads\/2020\/01\/kontaktlens.jpg 621w, https:\/\/opdrebruacar.com\/wp-content\/uploads\/2020\/01\/kontaktlens-300x148.jpg 300w\" sizes=\"(max-width: 621px) 100vw, 621px\" \/><div class=\"icon-overlay\"><\/div>\t\t\t\t\t\t\t\t\r\n\t\t\t\t<div  class=\"icons\">\r\n\t\t\t\t\t<a href=\"\/de\/kontaktlinsen\/\" class=\"thememount_pf_featured\" title=\"KONTAKTLINSEN\"><i class=\"tm-social-icon-picture-1\"><\/i><\/a>\r\n\t\t\t\t\t<a href=\"\/de\/kontaktlinsen\/\" class=\"thememount_pf_link\"><i class=\"fa fa-link\"><\/i><\/a>\r\n\t\t\t\t<\/div>\r\n\t\t\t\t\t\t \r\n\t\t\t\t\t<\/div>\r\n\t\t\t\t\t<div class=\"tm-item-content\">\r\n\t\t\t\t\t\t<h4><a href=\"\/de\/kontaktlinsen\/\">KONTAKTLINSEN<\/a><\/h4>\r\n\t\t\t\t\t\t<p>OP. DR. EBRU ACAR<\/p>\r\n\t\t\t\t\t<\/div>\r\n\t\t\t\t<\/div>\r\n\t\t\t\t\r\n\t\t\t<\/div>\r\n\t\t<\/div><\/div><\/div>[\/vc_column][vc_column width=&#8220;2\/3&#8243;][vc_single_image image=&#8220;4183&#8243; img_size=&#8220;full&#8220; alignment=&#8220;center&#8220;]<div class=\"tm-element-heading-wrapper tm-heading-inner tm-element-align-left \">[vc_cta text=\"AKTUELLE ARTIKEL\"  h2_google_fonts=\"font_family:Arimo%3Aregular%2Citalic%2C700%2C700italic|font_style:700%20bold%20regular%3A700%3Anormal\"  h4_google_fonts=\"font_family:Lato%3A100%2C100italic%2C300%2C300italic%2Cregular%2Citalic%2C700%2C700italic%2C900%2C900italic|font_style:300%20light%20regular%3A300%3Anormal\"  align=\"left\"  heading_sep=\"no\"  tag=\"h2\"  h2=\"AKTUELLE ARTIKEL\"  txt_align=\"left\"  i_css_animation=\"\" css_animation=\"\"][\/vc_cta]<\/div> <!-- .tm-element-heading-wrapper container --> [vc_row_inner][vc_column_inner width=&#8220;1\/2&#8243;][vc_column_text]<\/p>\n<ul id=\"u20802-53\" class=\"list0 nls-None\">\n<li id=\"u20802-4\"><a class=\"nonblock\" href=\"http:\/\/drebruacar.com\/assets\/g%c3%bcncel-makale-1.pdf\" target=\"_blank\" rel=\"noopener noreferrer\" data-href=\"upload:U20226\"><span id=\"u20802\">Wie erkennt man an einem S\u00e4ugling eine Sehbehinderung?<\/span><\/a><\/li>\n<li id=\"u20802-8\"><a class=\"nonblock\" href=\"http:\/\/drebruacar.com\/assets\/g%c3%bcncel-makale-2.pdf\" target=\"_blank\" rel=\"noopener noreferrer\" data-href=\"upload:U20228\"><span id=\"u20802-5\">Augendruck an einem S\u00e4ugling<\/span><\/a><\/li>\n<li id=\"u20802-12\"><a class=\"nonblock\" href=\"http:\/\/drebruacar.com\/assets\/g%c3%bcncel-makale-3.pdf\" target=\"_blank\" rel=\"noopener noreferrer\" data-href=\"upload:U20230\"><span id=\"u20802-9\">Sehuntersuchung bei Kindern und S\u00e4uglingen<\/span><\/a><\/li>\n<li id=\"u20802-16\"><a class=\"nonblock\" href=\"http:\/\/drebruacar.com\/assets\/g%c3%bcncel-makale-4.pdf\" target=\"_blank\" rel=\"noopener noreferrer\" data-href=\"upload:U20232\"><span id=\"u20802-13\">Glaukom<\/span><\/a><\/li>\n<li id=\"u20802-20\"><a class=\"nonblock\" href=\"http:\/\/drebruacar.com\/assets\/g%c3%bcncel-makale-5.pdf\" target=\"_blank\" rel=\"noopener noreferrer\" data-href=\"upload:U20234\"><span id=\"u20802-17\">Sehschw\u00e4che<\/span><\/a><\/li>\n<li id=\"u20802-24\"><a class=\"nonblock\" href=\"http:\/\/drebruacar.com\/assets\/g%c3%bcncel-makale-6.pdf\" target=\"_blank\" rel=\"noopener noreferrer\" data-href=\"upload:U20236\"><span id=\"u20802-21\">Weissheit an der Pupille<\/span><\/a><\/li>\n<li id=\"u20802-28\"><a class=\"nonblock\" href=\"http:\/\/drebruacar.com\/assets\/g%c3%bcncel-makale-7.pdf\" target=\"_blank\" rel=\"noopener noreferrer\" data-href=\"upload:U20238\"><span id=\"u20802-25\">Trockenes Auge<\/span><\/a><\/li>\n<\/ul>\n<p>[\/vc_column_text][\/vc_column_inner][vc_column_inner width=&#8220;1\/2&#8243;][vc_column_text]<\/p>\n<ul id=\"u20802-53\" class=\"list0 nls-None\">\n<li id=\"u20802-32\"><a class=\"nonblock\" href=\"http:\/\/drebruacar.com\/assets\/g%c3%bcncel-makale-8.pdf\" target=\"_blank\" rel=\"noopener noreferrer\" data-href=\"upload:U20240\"><span id=\"u20802-29\">Netzhautabl\u00f6sung<\/span><\/a><\/li>\n<li id=\"u20802-36\"><a class=\"nonblock\" href=\"http:\/\/drebruacar.com\/assets\/g%c3%bcncel-makale-9.pdf\" target=\"_blank\" rel=\"noopener noreferrer\" data-href=\"upload:U20242\"><span id=\"u20802-33\">Venenverschluss der Netzhautkan\u00fcle<\/span><\/a><\/li>\n<li id=\"u20802-40\"><a class=\"nonblock\" href=\"http:\/\/drebruacar.com\/assets\/g%c3%bcncel-makale-10.pdf\" target=\"_blank\" rel=\"noopener noreferrer\" data-href=\"upload:U20244\"><span id=\"u20802-37\">Gelber Fleck-Krankheit<\/span><\/a><\/li>\n<li id=\"u20802-44\"><a class=\"nonblock\" href=\"http:\/\/drebruacar.com\/assets\/g%c3%bcncel-makale-11.pdf\" target=\"_blank\" rel=\"noopener noreferrer\" data-href=\"upload:U20246\"><span id=\"u20802-41\">Antworten auf Fragen zum Thema Strabismus<\/span><\/a><\/li>\n<li id=\"u20802-48\"><a class=\"nonblock\" href=\"http:\/\/drebruacar.com\/assets\/g%c3%bcncel-makale-12.pdf\" target=\"_blank\" rel=\"noopener noreferrer\" data-href=\"upload:U20248\"><span id=\"u20802-45\">Augenschmalz bei Neugeborenen<\/span><\/a><\/li>\n<li id=\"u20802-52\"><a class=\"nonblock\" href=\"http:\/\/drebruacar.com\/assets\/g%c3%bcncel-makale-13.pdf\" target=\"_blank\" rel=\"noopener noreferrer\" data-href=\"upload:U22652\"><span id=\"u20802-49\">Heilung<\/span><\/a><\/li>\n<\/ul>\n<p>[\/vc_column_text][\/vc_column_inner][\/vc_row_inner][\/vc_column][\/vc_row][vc_row full_width=&#8220;stretch_row&#8220; parallax=&#8220;content-moving&#8220; parallax_image=&#8220;3854&#8243; parallax_speed_bg=&#8220;2.5&#8243; bgtype=&#8220;dark&#8220; css=&#8220;.vc_custom_1577087712557{padding-top: 85px !important;padding-bottom: 85px !important;}&#8220;][vc_column][vc_custom_heading text=&#8220;Bei Problemen mit Augenkrankheiten sprechen Sie uns bitte an!&#8220; font_container=&#8220;tag:h2|font_size:32px|text_align:center|line_height:45px&#8220; google_fonts=&#8220;font_family:Roboto%3A100%2C100italic%2C300%2C300italic%2Cregular%2Citalic%2C500%2C500italic%2C700%2C700italic%2C900%2C900italic|font_style:300%20light%20regular%3A300%3Anormal&#8220;][vc_custom_heading text=&#8220;Mobil: +90 (532) 474 4767 Praxis: +90 (542) 352 4569&#8243; font_container=&#8220;tag:h2|font_size:38px|text_align:center|line_height:47px&#8220; google_fonts=&#8220;font_family:Ubuntu%3A300%2C300italic%2Cregular%2Citalic%2C500%2C500italic%2C700%2C700italic|font_style:500%20bold%20regular%3A500%3Anormal&#8220;][vc_btn title=&#8220;ODER KL\u0130CKEN S\u0130E, UM E\u0130NEN TERM\u0130N ZU VERE\u0130NBAREN&#8220; style=&#8220;flat&#8220; align=&#8220;center&#8220; i_align=&#8220;right&#8220; i_icon_fontawesome=&#8220;fa fa-plus&#8220; css_animation=&#8220;bottom-to-top&#8220; add_icon=&#8220;true&#8220; link=&#8220;url:%2Fde%2Fkontakt%2F|||&#8220; css=&#8220;.vc_custom_1740035520515{padding-top: 30px !important;}&#8220;][\/vc_column][\/vc_row]<\/p>\n","protected":false},"excerpt":{"rendered":"<p>[vc_row][vc_column width=&#8220;1\/4&#8243;][vc_custom_heading text=&#8220;\u00dcBER UNS&#8220; font_container=&#8220;tag:h3|font_size:20px|text_align:left|line_height:27px&#8220; use_theme_fonts=&#8220;yes&#8220; css=&#8220;.vc_custom_1580736319177{margin-bottom: 20px !important;}&#8220;][vc_single_image image=&#8220;4182&#8243; img_size=&#8220;medium&#8220; alignment=&#8220;center&#8220; onclick=&#8220;link_image&#8220; css=&#8220;.vc_custom_1578555308567{margin-bottom: 20px !important;}&#8220;][vc_column_text] Willkommen in unserer Praxis Unsere sich st\u00e4ndig erneuernde Praxis, besitzt eine sich in der T\u00fcrkei fortgebildete Technologie.[\/vc_column_text][vc_btn title=&#8220;\u00dcBER MICH&#8220; color=&#8220;inverse&#8220; align=&#8220;left&#8220; i_align=&#8220;right&#8220; i_icon_fontawesome=&#8220;fa fa-angle-double-right&#8220; css_animation=&#8220;bottom-to-top&#8220; add_icon=&#8220;true&#8220; css=&#8220;.vc_custom_1740035502252{margin-top: -30px !important;}&#8220; link=&#8220;url:%2Fde%2Fueber-mich%2F|title:%C3%9CBER%20MICH||&#8220;][\/vc_column][vc_column width=&#8220;3\/4&#8243;][vc_empty_space][vc_btn title=&#8220;KL\u0130CKEN S\u0130E H\u0130ER, UM E\u0130NEN TERM\u0130N ZU VERE\u0130NBAREN&#8220; [&hellip;]<\/p>\n","protected":false},"author":1,"featured_media":0,"parent":0,"menu_order":1,"comment_status":"closed","ping_status":"closed","template":"","meta":{"_links_to":"","_links_to_target":""},"_links":{"self":[{"href":"https:\/\/opdrebruacar.com\/de\/wp-json\/wp\/v2\/pages\/4275\/"}],"collection":[{"href":"https:\/\/opdrebruacar.com\/de\/wp-json\/wp\/v2\/pages\/"}],"about":[{"href":"https:\/\/opdrebruacar.com\/de\/wp-json\/wp\/v2\/types\/page\/"}],"author":[{"embeddable":true,"href":"https:\/\/opdrebruacar.com\/de\/wp-json\/wp\/v2\/users\/1\/"}],"replies":[{"embeddable":true,"href":"https:\/\/opdrebruacar.com\/de\/wp-json\/wp\/v2\/comments\/?post=4275"}],"version-history":[{"count":5,"href":"https:\/\/opdrebruacar.com\/de\/wp-json\/wp\/v2\/pages\/4275\/revisions\/"}],"predecessor-version":[{"id":4631,"href":"https:\/\/opdrebruacar.com\/de\/wp-json\/wp\/v2\/pages\/4275\/revisions\/4631\/"}],"wp:attachment":[{"href":"https:\/\/opdrebruacar.com\/de\/wp-json\/wp\/v2\/media\/?parent=4275"}],"curies":[{"name":"wp","href":"https:\/\/api.w.org\/{rel}","templated":true}]}}